{"id":4,"date":"2025-01-01T12:43:39","date_gmt":"2025-01-01T12:43:39","guid":{"rendered":"https:\/\/www.communitystories.ca\/v2\/media-of-activism_medias-du-militantisme\/accueil\/"},"modified":"2026-02-16T12:29:49","modified_gmt":"2026-02-16T12:29:49","slug":"accueil","status":"publish","type":"page","link":"https:\/\/www.communitystories.ca\/v2\/media-of-activism_medias-du-militantisme\/accueil\/?lang=fr","title":{"rendered":"Passer le mot"},"content":{"rendered":"<p>Le Canada a une riche histoire de militantisme populaire. Passer le mot [Getting the Word Out] se penche sur la fa\u00e7on dont les organisateurs et les militants ont transmis des id\u00e9es et informations avant l&#8217;\u00e8re d&#8217;internet. \u00c9tant donn\u00e9 que l\u2019\u00ab avant Internet \u00bb repr\u00e9sente la majeure partie de notre histoire, ceci offre une perspective importante sur notre histoire en tant que pays ainsi que sur la place du Canada dans le monde.<\/p>\n<p>D\u00e9couvrez les histoires de celles et ceux qui ont \u0153uvr\u00e9 activement \u00e0 rendre le monde meilleur, \u00e0 petite et \u00e0 grande \u00e9chelle.<\/p>\n<p>L&#8217;un des th\u00e8mes centraux de cette exposition est la mani\u00e8re dont l&#8217;id\u00e9e de communaut\u00e9 a influenc\u00e9 les militants et les organisateurs. L&#8217;id\u00e9e de communaut\u00e9 pouvait repr\u00e9senter, et repr\u00e9sentait souvent, une collectivit\u00e9 particuli\u00e8re, un lieu. Mais elle pouvait tout aussi bien repr\u00e9senter d&#8217;autres types de communaut\u00e9s, d\u00e9finies par un certain sentiment d&#8217;identit\u00e9, un \u00e9ventail commun de croyances ou de probl\u00e8mes partag\u00e9s, pouvant inclure des gens dispers\u00e9s sur une importante superficie g\u00e9ographique, confront\u00e9s \u00e0 l&#8217;injustice et luttant contre celle-ci.<\/p>\n<p>L&#8217;exposition Passer le mot [Getting the Word Out] propose une s\u00e9lection de mouvements, de projets, de m\u00e9dias et produits, de technologies et m\u00e9thodes. Explorez les moyens utilis\u00e9s par les communaut\u00e9s militantes pour sensibiliser les autres, que ce soit au sein de leur communaut\u00e9 locale, dans leur province ou r\u00e9gion, \u00e0 l&#8217;\u00e9chelle nationale ou internationale.<\/p>\n","protected":false},"excerpt":{"rendered":"<p>Le Canada a une riche histoire de militantisme populaire. Passer le mot [Getting the Word Out] se penche sur la fa\u00e7on dont les organisateurs et les militants ont [&hellip;]<\/p>\n","protected":false},"author":78,"featured_media":158,"parent":0,"menu_order":0,"comment_status":"closed","ping_status":"closed","template":"template-home.php","meta":{"_mi_skip_tracking":false,"_monsterinsights_sitenote_active":false,"_monsterinsights_sitenote_note":"","_monsterinsights_sitenote_category":0,"footnotes":""},"yoast_head":"<!-- This site is optimized with the Yoast SEO plugin v21.4 - https:\/\/yoast.com\/wordpress\/plugins\/seo\/ -->\n<title>Getting the Word Out: The Media of Activism<\/title>\n<meta name=\"robots\" content=\"index, follow, max-snippet:-1, max-image-preview:large, max-video-preview:-1\" \/>\n<link rel=\"canonical\" href=\"https:\/\/www.communitystories.ca\/v2\/media-of-activism_medias-du-militantisme\/?lang=fr\" \/>\n<meta property=\"og:locale\" content=\"en_US\" \/>\n<meta property=\"og:type\" content=\"article\" \/>\n<meta property=\"og:title\" content=\"Getting the Word Out: The Media of Activism\" \/>\n<meta property=\"og:description\" content=\"Le Canada a une riche histoire de militantisme populaire. Passer le mot [Getting the Word Out] se penche sur la fa\u00e7on dont les organisateurs et les militants ont [&hellip;]\" \/>\n<meta property=\"og:url\" content=\"https:\/\/www.communitystories.ca\/v2\/media-of-activism_medias-du-militantisme\/?lang=fr\" \/>\n<meta property=\"og:site_name\" content=\"Getting the Word Out: The Media of Activism\" \/>\n<meta property=\"article:modified_time\" content=\"2026-02-16T12:29:49+00:00\" \/>\n<meta property=\"og:image\" content=\"https:\/\/www.histoiresdecheznous.ca\/v2\/media-of-activism_medias-du-militantisme\/wp-content\/uploads\/sites\/192\/2025\/05\/hero.jpg\" \/>\n\t<meta property=\"og:image:width\" content=\"1024\" \/>\n\t<meta property=\"og:image:height\" content=\"434\" \/>\n\t<meta property=\"og:image:type\" content=\"image\/jpeg\" \/>\n<meta name=\"twitter:card\" content=\"summary_large_image\" \/>\n<meta name=\"twitter:label1\" content=\"Est. reading time\" \/>\n\t<meta name=\"twitter:data1\" content=\"1 minute\" \/>\n<script type=\"application\/ld+json\" class=\"yoast-schema-graph\">{\"@context\":\"https:\/\/schema.org\",\"@graph\":[{\"@type\":\"WebPage\",\"@id\":\"https:\/\/www.communitystories.ca\/v2\/media-of-activism_medias-du-militantisme\/?lang=fr\",\"url\":\"https:\/\/www.communitystories.ca\/v2\/media-of-activism_medias-du-militantisme\/?lang=fr\",\"name\":\"Getting the Word Out: The Media of Activism\",\"isPartOf\":{\"@id\":\"https:\/\/www.communitystories.ca\/v2\/media-of-activism_medias-du-militantisme\/#website\"},\"datePublished\":\"2025-01-01T12:43:39+00:00\",\"dateModified\":\"2026-02-16T12:29:49+00:00\",\"breadcrumb\":{\"@id\":\"https:\/\/www.communitystories.ca\/v2\/media-of-activism_medias-du-militantisme\/?lang=fr#breadcrumb\"},\"inLanguage\":\"en-US\",\"potentialAction\":[{\"@type\":\"ReadAction\",\"target\":[\"https:\/\/www.communitystories.ca\/v2\/media-of-activism_medias-du-militantisme\/?lang=fr\"]}]},{\"@type\":\"BreadcrumbList\",\"@id\":\"https:\/\/www.communitystories.ca\/v2\/media-of-activism_medias-du-militantisme\/?lang=fr#breadcrumb\",\"itemListElement\":[{\"@type\":\"ListItem\",\"position\":1,\"name\":\"Home\",\"item\":\"https:\/\/www.communitystories.ca\/v2\/media-of-activism_medias-du-militantisme\/\"},{\"@type\":\"ListItem\",\"position\":2,\"name\":\"Passer le mot\"}]},{\"@type\":\"WebSite\",\"@id\":\"https:\/\/www.communitystories.ca\/v2\/media-of-activism_medias-du-militantisme\/#website\",\"url\":\"https:\/\/www.communitystories.ca\/v2\/media-of-activism_medias-du-militantisme\/\",\"name\":\"Getting the Word Out: The Media of Activism\",\"description\":\"\",\"potentialAction\":[{\"@type\":\"SearchAction\",\"target\":{\"@type\":\"EntryPoint\",\"urlTemplate\":\"https:\/\/www.communitystories.ca\/v2\/media-of-activism_medias-du-militantisme\/?s={search_term_string}\"},\"query-input\":\"required name=search_term_string\"}],\"inLanguage\":\"en-US\"}]}<\/script>\n<!-- \/ Yoast SEO plugin. -->","yoast_head_json":{"title":"Getting the Word Out: The Media of Activism","robots":{"index":"index","follow":"follow","max-snippet":"max-snippet:-1","max-image-preview":"max-image-preview:large","max-video-preview":"max-video-preview:-1"},"canonical":"https:\/\/www.communitystories.ca\/v2\/media-of-activism_medias-du-militantisme\/?lang=fr","og_locale":"en_US","og_type":"article","og_title":"Getting the Word Out: The Media of Activism","og_description":"Le Canada a une riche histoire de militantisme populaire. Passer le mot [Getting the Word Out] se penche sur la fa\u00e7on dont les organisateurs et les militants ont [&hellip;]","og_url":"https:\/\/www.communitystories.ca\/v2\/media-of-activism_medias-du-militantisme\/?lang=fr","og_site_name":"Getting the Word Out: The Media of Activism","article_modified_time":"2026-02-16T12:29:49+00:00","og_image":[{"width":1024,"height":434,"url":"https:\/\/www.histoiresdecheznous.ca\/v2\/media-of-activism_medias-du-militantisme\/wp-content\/uploads\/sites\/192\/2025\/05\/hero.jpg","type":"image\/jpeg"}],"twitter_card":"summary_large_image","twitter_misc":{"Est. reading time":"1 minute"},"schema":{"@context":"https:\/\/schema.org","@graph":[{"@type":"WebPage","@id":"https:\/\/www.communitystories.ca\/v2\/media-of-activism_medias-du-militantisme\/?lang=fr","url":"https:\/\/www.communitystories.ca\/v2\/media-of-activism_medias-du-militantisme\/?lang=fr","name":"Getting the Word Out: The Media of Activism","isPartOf":{"@id":"https:\/\/www.communitystories.ca\/v2\/media-of-activism_medias-du-militantisme\/#website"},"datePublished":"2025-01-01T12:43:39+00:00","dateModified":"2026-02-16T12:29:49+00:00","breadcrumb":{"@id":"https:\/\/www.communitystories.ca\/v2\/media-of-activism_medias-du-militantisme\/?lang=fr#breadcrumb"},"inLanguage":"en-US","potentialAction":[{"@type":"ReadAction","target":["https:\/\/www.communitystories.ca\/v2\/media-of-activism_medias-du-militantisme\/?lang=fr"]}]},{"@type":"BreadcrumbList","@id":"https:\/\/www.communitystories.ca\/v2\/media-of-activism_medias-du-militantisme\/?lang=fr#breadcrumb","itemListElement":[{"@type":"ListItem","position":1,"name":"Home","item":"https:\/\/www.communitystories.ca\/v2\/media-of-activism_medias-du-militantisme\/"},{"@type":"ListItem","position":2,"name":"Passer le mot"}]},{"@type":"WebSite","@id":"https:\/\/www.communitystories.ca\/v2\/media-of-activism_medias-du-militantisme\/#website","url":"https:\/\/www.communitystories.ca\/v2\/media-of-activism_medias-du-militantisme\/","name":"Getting the Word Out: The Media of Activism","description":"","potentialAction":[{"@type":"SearchAction","target":{"@type":"EntryPoint","urlTemplate":"https:\/\/www.communitystories.ca\/v2\/media-of-activism_medias-du-militantisme\/?s={search_term_string}"},"query-input":"required name=search_term_string"}],"inLanguage":"en-US"}]}},"_links":{"self":[{"href":"https:\/\/www.communitystories.ca\/v2\/media-of-activism_medias-du-militantisme\/wp-json\/wp\/v2\/pages\/4"}],"collection":[{"href":"https:\/\/www.communitystories.ca\/v2\/media-of-activism_medias-du-militantisme\/wp-json\/wp\/v2\/pages"}],"about":[{"href":"https:\/\/www.communitystories.ca\/v2\/media-of-activism_medias-du-militantisme\/wp-json\/wp\/v2\/types\/page"}],"author":[{"embeddable":true,"href":"https:\/\/www.communitystories.ca\/v2\/media-of-activism_medias-du-militantisme\/wp-json\/wp\/v2\/users\/78"}],"replies":[{"embeddable":true,"href":"https:\/\/www.communitystories.ca\/v2\/media-of-activism_medias-du-militantisme\/wp-json\/wp\/v2\/comments?post=4"}],"version-history":[{"count":5,"href":"https:\/\/www.communitystories.ca\/v2\/media-of-activism_medias-du-militantisme\/wp-json\/wp\/v2\/pages\/4\/revisions"}],"predecessor-version":[{"id":877,"href":"https:\/\/www.communitystories.ca\/v2\/media-of-activism_medias-du-militantisme\/wp-json\/wp\/v2\/pages\/4\/revisions\/877"}],"wp:featuredmedia":[{"embeddable":true,"href":"https:\/\/www.communitystories.ca\/v2\/media-of-activism_medias-du-militantisme\/wp-json\/wp\/v2\/media\/158"}],"wp:attachment":[{"href":"https:\/\/www.communitystories.ca\/v2\/media-of-activism_medias-du-militantisme\/wp-json\/wp\/v2\/media?parent=4"}],"curies":[{"name":"wp","href":"https:\/\/api.w.org\/{rel}","templated":true}]}}